{"id":112,"date":"2023-11-13T12:22:42","date_gmt":"2023-11-13T11:22:42","guid":{"rendered":"https:\/\/hoetgerhof.de\/?page_id=112"},"modified":"2025-10-30T21:14:31","modified_gmt":"2025-10-30T20:14:31","slug":"urlaub-im-hoetgerhof","status":"publish","type":"page","link":"https:\/\/hoetgerhof.de\/index.php\/urlaub-im-hoetgerhof\/","title":{"rendered":"Urlaub im Hoetgerhof"},"content":{"rendered":"\n<h2 class=\"wp-block-heading has-text-align-center is-style-asterisk has-contrast-color has-text-color has-link-color wp-elements-07cafb8357493948f8c2c8497ab9b856\"><strong>Ferienwohnung in Worpswede: Im Kunstwerk \u00fcbernachten<\/strong><\/h2>\n\n\n\n<div style=\"height:9px\" aria-hidden=\"true\" class=\"wp-block-spacer\"><\/div>\n\n\n\n<p class=\"has-text-align-center has-contrast-color has-text-color has-link-color has-system-sans-serif-font-family wp-elements-e219435ddc544e8231f4447d4e9c81f1\" style=\"margin-top:0;margin-right:0;margin-bottom:0;margin-left:0;padding-top:0;padding-right:0;padding-bottom:0;padding-left:0;font-size:clamp(0.875rem, 0.875rem + ((1vw - 0.2rem) * 0.375), 1.1rem);line-height:1.6\">Wohnen im&nbsp;<em>lebendigen Kunstwerk&nbsp;<\/em>von Bernhard Hoetger:<br>Unsere Ferienwohnung in Worpswede verspricht einen kunstnahen Urlaub in die Natur. <\/p>\n\n\n\n<div class=\"wp-block-group alignfull has-base-background-color has-background has-global-padding is-layout-constrained wp-container-core-group-is-layout-d89aad35 wp-block-group-is-layout-constrained\" style=\"margin-top:0;margin-bottom:0;padding-top:var(--wp--preset--spacing--50);padding-right:var(--wp--preset--spacing--50);padding-bottom:var(--wp--preset--spacing--50);padding-left:var(--wp--preset--spacing--50)\">\n<div class=\"wp-block-columns alignwide is-layout-flex wp-container-core-columns-is-layout-1da03c2a wp-block-columns-is-layout-flex\">\n<div class=\"wp-block-column is-vertically-aligned-center is-layout-flow wp-block-column-is-layout-flow\" style=\"flex-basis:60%\">\n<figure class=\"wp-block-image aligncenter size-full is-resized has-custom-border is-style-default wp-duotone-unset-1\"><img loading=\"lazy\" decoding=\"async\" width=\"2552\" height=\"1701\" src=\"https:\/\/hoetgerhof.de\/wp-content\/uploads\/2025\/03\/JM_05003-Kopie.jpeg\" alt=\"\" class=\"wp-image-699\" style=\"border-style:none;border-width:0px;border-radius:10px;aspect-ratio:1.3333333333333333;object-fit:contain;width:592px;height:auto\" srcset=\"https:\/\/hoetgerhof.de\/wp-content\/uploads\/2025\/03\/JM_05003-Kopie.jpeg 2552w, https:\/\/hoetgerhof.de\/wp-content\/uploads\/2025\/03\/JM_05003-Kopie-300x200.jpeg 300w, https:\/\/hoetgerhof.de\/wp-content\/uploads\/2025\/03\/JM_05003-Kopie-1024x683.jpeg 1024w, https:\/\/hoetgerhof.de\/wp-content\/uploads\/2025\/03\/JM_05003-Kopie-768x512.jpeg 768w, https:\/\/hoetgerhof.de\/wp-content\/uploads\/2025\/03\/JM_05003-Kopie-1536x1024.jpeg 1536w, https:\/\/hoetgerhof.de\/wp-content\/uploads\/2025\/03\/JM_05003-Kopie-2048x1365.jpeg 2048w\" sizes=\"auto, (max-width: 2552px) 100vw, 2552px\" \/><figcaption class=\"wp-element-caption\">Hoetgerhof, Niedersachsen, Worpswede. Erbaut von Bernhard Hoetger f\u00fcr private Zwecke. <br>Foto: <\/figcaption><\/figure>\n<\/div>\n\n\n\n<div class=\"wp-block-column is-layout-flow wp-block-column-is-layout-flow\" style=\"flex-basis:40%\">\n<ul class=\"wp-block-list\">\n<li><strong>Natur:<\/strong> Umgeben von malerischen Landschaften ist Worpswede ein toller Ort, um W\u00e4lder, Wiesen und Moore zu erleben<\/li>\n\n\n\n<li><strong>Kulturelle Erlebnisse:<\/strong> Neben der Naturn\u00e4he bietet Worpswede einen historischen Dorfkern und eine Vielzahl kultureller Sehensw\u00fcrdigkeiten und Kunstausstellungen<\/li>\n\n\n\n<li><strong>R\u00fcckzug:<\/strong> Gedanken schweifen lassen und durchatmen &#8211; Die Stille der Natur um den Hoetgerhof verspricht Erholung vom Alltag! <\/li>\n<\/ul>\n\n\n\n<div style=\"height:30px\" aria-hidden=\"true\" class=\"wp-block-spacer\"><\/div>\n\n\n\n<div class=\"wp-block-buttons is-content-justification-center is-layout-flex wp-container-core-buttons-is-layout-a89b3969 wp-block-buttons-is-layout-flex\">\n<div class=\"wp-block-button\"><a class=\"wp-block-button__link wp-element-button\" href=\"https:\/\/hoetgerhof.de\/index.php\/buchung\/\">Jetzt buchen<\/a><\/div>\n\n\n\n<div class=\"wp-block-button is-style-outline is-style-outline--2\"><a class=\"wp-block-button__link wp-element-button\" href=\"#preise\">Preise<\/a><\/div>\n<\/div>\n<\/div>\n<\/div>\n<\/div>\n\n\n\n<hr class=\"wp-block-separator has-alpha-channel-opacity is-style-wide\" style=\"margin-top:var(--wp--preset--spacing--30);margin-bottom:var(--wp--preset--spacing--30)\"\/>\n\n\n\n<div class=\"wp-block-columns alignwide is-layout-flex wp-container-core-columns-is-layout-28f84493 wp-block-columns-is-layout-flex\">\n<div class=\"wp-block-column is-layout-flow wp-block-column-is-layout-flow\" style=\"flex-basis:100%\">\n<div class=\"wp-block-group is-vertical is-content-justification-center is-layout-flex wp-container-core-group-is-layout-ce155fab wp-block-group-is-layout-flex\">\n<div style=\"height:30px\" aria-hidden=\"true\" class=\"wp-block-spacer wp-container-content-cf2db169\"><\/div>\n\n\n\n<h2 class=\"wp-block-heading has-text-align-left has-contrast-color has-text-color has-link-color wp-elements-c646a55883812e97b084cea93befc407\"><strong>Ausstattung: Historie trifft Gem\u00fctlichkeit<\/strong><\/h2>\n\n\n\n<div style=\"height:0px\" aria-hidden=\"true\" class=\"wp-block-spacer wp-container-content-b30579f5\"><\/div>\n\n\n\n<div class=\"wp-block-columns is-layout-flex wp-container-core-columns-is-layout-28f84493 wp-block-columns-is-layout-flex\">\n<div class=\"wp-block-column is-layout-flow wp-block-column-is-layout-flow\">\n<p style=\"font-size:clamp(0.875rem, 0.875rem + ((1vw - 0.2rem) * 0.375), 1.1rem);line-height:1.6\">Die 50 qm gro\u00dfe Ferienwohnung in Worpswede f\u00fcr\u00a0<strong>1-3 Personen<\/strong> (oder 2 Erwachsene und 2 Kinder)\u00a0verf\u00fcgt \u00fcber einen Wohn- und Essbereich mit Ausziehsofa, ein Schlafzimmer mit Doppelbett sowie ein Badezimmer.<\/p>\n<\/div>\n\n\n\n<div class=\"wp-block-column is-layout-flow wp-block-column-is-layout-flow\">\n<p style=\"font-size:clamp(0.875rem, 0.875rem + ((1vw - 0.2rem) * 0.375), 1.1rem);line-height:1.6\">Aus allen Fenstern des skulpturalen K\u00fcnstlerhauses blicken Sie in den Wald am S\u00fcdhang des Weyerbergs. Die Ferienwohnung besticht durch ihre Gem\u00fctlichkeit: Stimmungsvolles Licht, rustikale M\u00f6bel, ein lichtes Badezimmer und eine hochwertige Ausstattung runden das Ambiente ab.<\/p>\n<\/div>\n<\/div>\n<\/div>\n<\/div>\n<\/div>\n\n\n\n<div class=\"wp-block-group alignfull has-global-padding is-layout-constrained wp-container-core-group-is-layout-b25ccd55 wp-block-group-is-layout-constrained\" style=\"margin-top:0;margin-bottom:0;padding-top:var(--wp--preset--spacing--50);padding-right:var(--wp--preset--spacing--50);padding-bottom:var(--wp--preset--spacing--50);padding-left:var(--wp--preset--spacing--50)\">\n<div class=\"wp-block-columns alignwide is-layout-flex wp-container-core-columns-is-layout-d1c656ed wp-block-columns-is-layout-flex\">\n<div class=\"wp-block-column is-vertically-aligned-stretch is-layout-flow wp-block-column-is-layout-flow\" style=\"padding-right:0;flex-basis:60%\">\n<div class=\"wp-block-essential-blocks-image-gallery  root-eb-image-gallery-otb63ov\"><div class=\"eb-parent-wrapper eb-parent-eb-image-gallery-otb63ov \"><div class=\"eb-gallery-img-wrapper eb-image-gallery-otb63ov default v2 masonry masonry-uneven enable-isotope   zoom caption-style-0  \" data-id=\"eb-image-gallery-otb63ov\" data-searchfilter=\"false\"><div class=\"grid-sizer\"><\/div><a href=\"https:\/\/hoetgerhof.de\/wp-content\/uploads\/2024\/01\/IMG_20231212_133741.png\" rel=\"noopener\" data-fslightbox=\"gallery\" data-type=\"image\" class=\"eb-gallery-img-content  eb-filter-img-\"><span class=\"eb-gallery-link-wrapper\"><img decoding=\"async\" class=\"eb-gallery-img\" src=\"https:\/\/hoetgerhof.de\/wp-content\/uploads\/2024\/01\/IMG_20231212_133741.png\" image-index=\"0\" alt=\"\"\/><span class=\"eb-img-gallery-content center bottom\"><\/span><\/span><\/a><a href=\"https:\/\/hoetgerhof.de\/wp-content\/uploads\/2024\/01\/IMG_20231212_133306-Kopie.jpg\" rel=\"noopener\" data-fslightbox=\"gallery\" data-type=\"image\" class=\"eb-gallery-img-content  eb-filter-img-\"><span class=\"eb-gallery-link-wrapper\"><img decoding=\"async\" class=\"eb-gallery-img\" src=\"https:\/\/hoetgerhof.de\/wp-content\/uploads\/2024\/01\/IMG_20231212_133306-Kopie.jpg\" image-index=\"1\" alt=\"\"\/><span class=\"eb-img-gallery-content center bottom\"><\/span><\/span><\/a><a href=\"https:\/\/hoetgerhof.de\/wp-content\/uploads\/2024\/01\/IMG_20231212_132926.jpg\" rel=\"noopener\" data-fslightbox=\"gallery\" data-type=\"image\" class=\"eb-gallery-img-content wide eb-filter-img-\"><span class=\"eb-gallery-link-wrapper\"><img decoding=\"async\" class=\"eb-gallery-img\" src=\"https:\/\/hoetgerhof.de\/wp-content\/uploads\/2024\/01\/IMG_20231212_132926.jpg\" image-index=\"2\" alt=\"\"\/><span class=\"eb-img-gallery-content center bottom\"><\/span><\/span><\/a><a href=\"https:\/\/hoetgerhof.de\/wp-content\/uploads\/2024\/01\/IMG_20231212_132736.jpg\" rel=\"noopener\" data-fslightbox=\"gallery\" data-type=\"image\" class=\"eb-gallery-img-content  eb-filter-img-\"><span class=\"eb-gallery-link-wrapper\"><img decoding=\"async\" class=\"eb-gallery-img\" src=\"https:\/\/hoetgerhof.de\/wp-content\/uploads\/2024\/01\/IMG_20231212_132736.jpg\" image-index=\"3\" alt=\"\"\/><span class=\"eb-img-gallery-content center bottom\"><\/span><\/span><\/a><a href=\"https:\/\/hoetgerhof.de\/wp-content\/uploads\/2024\/01\/IMG_20231212_132502.jpg\" rel=\"noopener\" data-fslightbox=\"gallery\" data-type=\"image\" class=\"eb-gallery-img-content  eb-filter-img-\"><span class=\"eb-gallery-link-wrapper\"><img decoding=\"async\" class=\"eb-gallery-img\" src=\"https:\/\/hoetgerhof.de\/wp-content\/uploads\/2024\/01\/IMG_20231212_132502.jpg\" image-index=\"4\" alt=\"\"\/><span class=\"eb-img-gallery-content center bottom\"><\/span><\/span><\/a><a href=\"https:\/\/hoetgerhof.de\/wp-content\/uploads\/2024\/01\/IMG_20231212_132334.jpg\" rel=\"noopener\" data-fslightbox=\"gallery\" data-type=\"image\" class=\"eb-gallery-img-content wide eb-filter-img-\"><span class=\"eb-gallery-link-wrapper\"><img decoding=\"async\" class=\"eb-gallery-img\" src=\"https:\/\/hoetgerhof.de\/wp-content\/uploads\/2024\/01\/IMG_20231212_132334.jpg\" image-index=\"5\" alt=\"\"\/><span class=\"eb-img-gallery-content center bottom\"><\/span><\/span><\/a><\/div><\/div><\/div>\n<\/div>\n\n\n\n<div class=\"wp-block-column is-layout-flow wp-block-column-is-layout-flow\" style=\"flex-basis:40%\">\n<div class=\"wp-block-group has-global-padding is-layout-constrained wp-block-group-is-layout-constrained\">\n<p class=\"has-text-align-center has-contrast-color has-text-color has-link-color wp-elements-e845deeb795d78e93a6a0f8df12d49f1\" style=\"margin-top:var(--wp--preset--spacing--30);margin-bottom:var(--wp--preset--spacing--30)\"><em>\u00bb Ein begehbares Kunstwerk, ein Akku f\u00fcr den Menschen \u00ab<\/em> <br>Hermann Bahlsen<\/p>\n<\/div>\n\n\n\n<div class=\"wp-block-essential-blocks-image-gallery  root-eb-image-gallery-knwbe92\"><div class=\"eb-parent-wrapper eb-parent-eb-image-gallery-knwbe92 \"><div class=\"eb-gallery-img-wrapper eb-image-gallery-knwbe92 default v2 masonry masonry-uneven enable-isotope   zoom caption-style-0  \" data-id=\"eb-image-gallery-knwbe92\" data-searchfilter=\"false\"><div class=\"grid-sizer\"><\/div><a href=\"https:\/\/hoetgerhof.de\/wp-content\/uploads\/2024\/01\/IMG_20231212_132231-Kopie.jpg\" rel=\"noopener\" data-fslightbox=\"gallery\" data-type=\"image\" class=\"eb-gallery-img-content  eb-filter-img-\"><span class=\"eb-gallery-link-wrapper\"><img decoding=\"async\" class=\"eb-gallery-img\" src=\"https:\/\/hoetgerhof.de\/wp-content\/uploads\/2024\/01\/IMG_20231212_132231-Kopie.jpg\" image-index=\"0\" alt=\"\"\/><span class=\"eb-img-gallery-content center bottom\"><\/span><\/span><\/a><a href=\"https:\/\/hoetgerhof.de\/wp-content\/uploads\/2024\/01\/IMG_20231212_131733-Kopie.jpg\" rel=\"noopener\" data-fslightbox=\"gallery\" data-type=\"image\" class=\"eb-gallery-img-content  eb-filter-img-\"><span class=\"eb-gallery-link-wrapper\"><img decoding=\"async\" class=\"eb-gallery-img\" src=\"https:\/\/hoetgerhof.de\/wp-content\/uploads\/2024\/01\/IMG_20231212_131733-Kopie.jpg\" image-index=\"1\" alt=\"\"\/><span class=\"eb-img-gallery-content center bottom\"><\/span><\/span><\/a><a href=\"https:\/\/hoetgerhof.de\/wp-content\/uploads\/2024\/01\/IMG_20231212_131559.jpg\" rel=\"noopener\" data-fslightbox=\"gallery\" data-type=\"image\" class=\"eb-gallery-img-content wide eb-filter-img-\"><span class=\"eb-gallery-link-wrapper\"><img decoding=\"async\" class=\"eb-gallery-img\" src=\"https:\/\/hoetgerhof.de\/wp-content\/uploads\/2024\/01\/IMG_20231212_131559.jpg\" image-index=\"2\" alt=\"\"\/><span class=\"eb-img-gallery-content center bottom\"><\/span><\/span><\/a><\/div><\/div><\/div>\n<\/div>\n<\/div>\n\n\n\n<div class=\"wp-block-columns alignwide is-layout-flex wp-container-core-columns-is-layout-ff4b9c61 wp-block-columns-is-layout-flex\" style=\"margin-top:0;margin-bottom:0\">\n<div class=\"wp-block-column is-layout-flow wp-container-core-column-is-layout-8a368f38 wp-block-column-is-layout-flow\">\n<p class=\"has-text-align-center has-contrast-2-color has-text-color has-link-color wp-elements-5768adb1e9fb7bf155128a7f1c40e891\" style=\"margin-top:var(--wp--preset--spacing--30);margin-bottom:var(--wp--preset--spacing--30)\"><em>\u00bb Mit steilen D\u00e4chern und krummen Balken l\u00e4sst er den Backsteinbau organisch aus dem Waldgrund wachsen<\/em> <em>\u00ab<\/em><br>Bettina Vaupel<\/p>\n<\/div>\n\n\n\n<div class=\"wp-block-column is-layout-flow wp-container-core-column-is-layout-8a368f38 wp-block-column-is-layout-flow\">\n<div style=\"height:var(--wp--preset--spacing--50)\" aria-hidden=\"true\" class=\"wp-block-spacer\"><\/div>\n<\/div>\n<\/div>\n\n\n\n<hr class=\"wp-block-separator has-alpha-channel-opacity\"\/>\n\n\n\n<p class=\"has-text-align-center has-large-font-size\"><em>Ein idealer Ort f\u00fcr Ihre Auszeit in au\u00dfergew\u00f6hnlicher Architektur. <\/em><br><em>Lassen Sie es sich gut gehen!<\/em><\/p>\n\n\n\n<h2 class=\"wp-block-heading alignwide has-text-align-center is-style-asterisk\" style=\"margin-top:var(--wp--preset--spacing--30);margin-bottom:var(--wp--preset--spacing--30);font-size:0rem;line-height:0\"><\/h2>\n\n\n\n<div class=\"wp-block-buttons is-horizontal is-content-justification-center is-layout-flex wp-container-core-buttons-is-layout-03627597 wp-block-buttons-is-layout-flex\">\n<div class=\"wp-block-button has-custom-width wp-block-button__width-50 is-style-fill\"><a class=\"wp-block-button__link has-text-color has-background has-medium-font-size has-custom-font-size wp-element-button\" href=\"https:\/\/hoetgerhof.de\/index.php\/buchung\/\" style=\"border-radius:50px;color:#ffffff;background-color:#000000;padding-right:var(--wp--preset--spacing--10);padding-left:var(--wp--preset--spacing--10);box-shadow:var(--wp--preset--shadow--deep)\">Buchungskalender<\/a><\/div>\n<\/div>\n\n\n\n<p>Bewertungen bei <a href=\"https:\/\/airbnb.de\/h\/hoetgerhof\" target=\"_blank\" rel=\"noreferrer noopener\">airbnb<\/a><\/p>\n\n\n\n<div class=\"wp-block-group is-horizontal is-content-justification-right is-layout-flex wp-container-core-group-is-layout-02db0ab0 wp-block-group-is-layout-flex\">\n<div class=\"wp-block-essential-blocks-notice  root-eb-notice-rhpw6\"><div class=\"eb-parent-wrapper eb-parent-eb-notice-rhpw6 eb_animation eb___animated eb___zoomIn\"><div class=\"eb-notice-wrapper eb-notice-rhpw6\" data-id=\"eb-notice-rhpw6\" data-show-again=\"false\"><div class=\"eb-notice-title-wrapper\"><div class=\"eb-notice-title\">\u2605\u2605\u2605\u2605\u2605<\/div><\/div><span class=\"eb-notice-dismiss\" style=\"cursor:pointer\"><\/span><div><div class=\"eb-notice-text\">Wundervolle ruhige Gegend direkt am Wald gelegen. Sehr freundliche Gastgeber. Besonderes Ambiente.Jenny-Marlene<\/div><\/div><\/div><\/div><\/div>\n\n\n\n<div class=\"wp-block-essential-blocks-notice  root-eb-notice-6wmfb\"><div class=\"eb-parent-wrapper eb-parent-eb-notice-6wmfb eb_animation eb___animated eb___zoomIn\"><div class=\"eb-notice-wrapper eb-notice-6wmfb\" data-id=\"eb-notice-6wmfb\" data-show-again=\"false\"><div class=\"eb-notice-title-wrapper\"><div class=\"eb-notice-title\">\u2605\u2605\u2605\u2605\u2605<\/div><\/div><span class=\"eb-notice-dismiss\" style=\"cursor:pointer\"><\/span><div><div class=\"eb-notice-text\">Eine wunderbare Begegnung mit liebenswerten Menschen, wundersch\u00f6ner Natur &#038; erlesener Kultur. Die Woche bei euch war sehr erholsam in guter K\u00fchle auch bei 39Grad Au\u00dfentemperatur;)Gerne w\u00fcrden wir einmal wiederkommen :)Anke<\/div><\/div><\/div><\/div><\/div>\n\n\n\n<div class=\"wp-block-essential-blocks-notice  root-eb-notice-d3tjr\"><div class=\"eb-parent-wrapper eb-parent-eb-notice-d3tjr eb_animation eb___animated eb___zoomIn\"><div class=\"eb-notice-wrapper eb-notice-d3tjr\" data-id=\"eb-notice-d3tjr\" data-show-again=\"false\"><div class=\"eb-notice-title-wrapper\"><div class=\"eb-notice-title\">\u2605\u2605\u2605\u2605\u2605<\/div><\/div><span class=\"eb-notice-dismiss\" style=\"cursor:pointer\"><\/span><div><div class=\"eb-notice-text\">Sehr einzigartiges Haus und Wohnung. Das richtige \u201eWorpsweder\u201c-Elebnis.Norah war sehr nett und unkompliziert.Kann die Unterkunft weiterempfehlen.Timo Alexander<\/div><\/div><\/div><\/div><\/div>\n<\/div>\n<\/div>\n\n\n\n<hr class=\"wp-block-separator has-alpha-channel-opacity is-style-wide\" style=\"margin-top:var(--wp--preset--spacing--30);margin-bottom:var(--wp--preset--spacing--30)\"\/>\n\n\n\n<div class=\"wp-block-group alignfull has-base-background-color has-background has-global-padding is-layout-constrained wp-container-core-group-is-layout-669513ed wp-block-group-is-layout-constrained\" style=\"margin-top:0;margin-bottom:0;padding-top:var(--wp--preset--spacing--50);padding-right:var(--wp--preset--spacing--50);padding-bottom:var(--wp--preset--spacing--50);padding-left:var(--wp--preset--spacing--50)\">\n<div class=\"wp-block-group alignwide is-vertical is-content-justification-center is-layout-flex wp-container-core-group-is-layout-ce155fab wp-block-group-is-layout-flex\">\n<h2 class=\"wp-block-heading alignwide has-text-align-left has-contrast-color has-text-color has-link-color wp-elements-e1c8cfe2889a47c2b5af8f812c597a7b\"><strong>Unser Service f\u00fcr Ihren Urlaub<\/strong><\/h2>\n\n\n\n<p class=\"has-text-align-center has-contrast-color has-text-color has-link-color wp-elements-335d5ca000808c7b7d18abb785032d71\" style=\"font-size:clamp(0.875rem, 0.875rem + ((1vw - 0.2rem) * 0.375), 1.1rem);line-height:1.6\">Mit viel Liebe zum Detail bieten wir einen gr\u00f6\u00dftm\u00f6glichen Service. <br>Teilen Sie uns Ihre W\u00fcnsche mit!<\/p>\n<\/div>\n\n\n\n<div class=\"wp-block-group alignfull has-global-padding is-layout-constrained wp-container-core-group-is-layout-669513ed wp-block-group-is-layout-constrained\" style=\"margin-top:0;margin-bottom:0;padding-top:var(--wp--preset--spacing--50);padding-right:var(--wp--preset--spacing--50);padding-bottom:var(--wp--preset--spacing--50);padding-left:var(--wp--preset--spacing--50)\">\n<div class=\"wp-block-columns alignwide is-layout-flex wp-container-core-columns-is-layout-d0bbbce0 wp-block-columns-is-layout-flex\">\n<div class=\"wp-block-column is-layout-flow wp-container-core-column-is-layout-e3d1c41b wp-block-column-is-layout-flow\">\n<h3 class=\"wp-block-heading has-text-align-left is-style-asterisk has-body-font-family has-large-font-size\" style=\"font-style:normal;font-weight:600\">Vollausstattung <\/h3>\n\n\n\n<p class=\"has-text-align-left has-contrast-color has-text-color has-link-color wp-elements-e4506c4d79ea527ec22dec150ed13d1d\" style=\"font-size:clamp(0.875rem, 0.875rem + ((1vw - 0.2rem) * 0.375), 1.1rem);line-height:1.6\">Eine K\u00fcche f\u00fcr alle Vorlieben, Bettw\u00e4sche, Handt\u00fccher, WLAN &#8211; alles vor Ort, was das Herz begehrt. Mit Parkpl\u00e4tzen direkt am Haus.<\/p>\n<\/div>\n\n\n\n<div class=\"wp-block-column is-layout-flow wp-container-core-column-is-layout-e3d1c41b wp-block-column-is-layout-flow\">\n<h3 class=\"wp-block-heading has-text-align-left is-style-asterisk has-body-font-family has-large-font-size\" style=\"font-style:normal;font-weight:600\">Flexible Check-in-Zeiten<\/h3>\n\n\n\n<p class=\"has-text-align-left has-contrast-color has-text-color has-link-color wp-elements-246782933052cd5ff984ec88cbc8def9\" style=\"font-size:clamp(0.875rem, 0.875rem + ((1vw - 0.2rem) * 0.375), 1.1rem);line-height:1.6\">Wir begr\u00fc\u00dfen unsere G\u00e4ste immer pers\u00f6nlich und stellen uns auf ihre Zeitplanung ein. <br>Fr\u00fchester Check-In: 14 Uhr; <br>Sp\u00e4tester Check-Out: 10 Uhr<\/p>\n<\/div>\n\n\n\n<div class=\"wp-block-column is-layout-flow wp-container-core-column-is-layout-e3d1c41b wp-block-column-is-layout-flow\">\n<h3 class=\"wp-block-heading has-text-align-left is-style-asterisk has-body-font-family has-large-font-size\" style=\"font-style:normal;font-weight:600\">Kinder sind herzlich willkommen<\/h3>\n\n\n\n<p class=\"has-text-align-left has-contrast-color has-text-color has-link-color wp-elements-d4c82bed82357c1dbf8ab2f7fa319939\" style=\"font-size:clamp(0.875rem, 0.875rem + ((1vw - 0.2rem) * 0.375), 1.1rem);line-height:1.6\">Wir sind mit Reisebett, Spielzeug und Kinderstuhl auf die kleinsten G\u00e4ste eingestellt. F\u00fchlt Euch wie Zuhause!<\/p>\n\n\n\n<p class=\"has-text-align-left\"><\/p>\n<\/div>\n<\/div>\n<\/div>\n\n\n\n<div class=\"wp-block-group alignfull has-global-padding is-layout-constrained wp-container-core-group-is-layout-669513ed wp-block-group-is-layout-constrained\" style=\"margin-top:0;margin-bottom:0;padding-top:var(--wp--preset--spacing--50);padding-right:var(--wp--preset--spacing--50);padding-bottom:var(--wp--preset--spacing--50);padding-left:var(--wp--preset--spacing--50)\">\n<hr class=\"wp-block-separator has-alpha-channel-opacity is-style-wide\"\/>\n\n\n\n<div style=\"height:100px\" aria-hidden=\"true\" class=\"wp-block-spacer\"><\/div>\n\n\n\n<div class=\"wp-block-group alignwide is-vertical is-content-justification-center is-layout-flex wp-container-core-group-is-layout-ce155fab wp-block-group-is-layout-flex\">\n<h2 class=\"wp-block-heading has-text-align-left\" id=\"preise\"><strong>Unsere Preisgestaltung<\/strong><\/h2>\n\n\n\n<p class=\"has-text-align-center has-contrast-color has-text-color has-link-color wp-elements-59609eca424648b4ac2501c891f7f78f\" style=\"font-size:clamp(0.875rem, 0.875rem + ((1vw - 0.2rem) * 0.375), 1.1rem);line-height:1.6\">Alle Preise verstehen sich pro gebuchte Nacht bei Mindestbuchung von 2 N\u00e4chten<\/p>\n<\/div>\n\n\n\n<div style=\"height:var(--wp--preset--spacing--30)\" aria-hidden=\"true\" class=\"wp-block-spacer\"><\/div>\n\n\n\n<div class=\"wp-block-columns alignwide is-layout-flex wp-container-core-columns-is-layout-06670bbc wp-block-columns-is-layout-flex\">\n<div class=\"wp-block-column has-contrast-color has-text-color has-link-color wp-elements-e569377857fb08293e4b30953a87f7c0 is-layout-flow wp-block-column-is-layout-flow\" style=\"border-top-color:var(--wp--preset--color--contrast-3);border-top-width:1px;padding-top:var(--wp--preset--spacing--30);padding-right:var(--wp--preset--spacing--30);padding-bottom:var(--wp--preset--spacing--10);padding-left:var(--wp--preset--spacing--30)\">\n<div class=\"wp-block-group is-vertical is-content-justification-center is-layout-flex wp-container-core-group-is-layout-ce155fab wp-block-group-is-layout-flex\">\n<h4 class=\"wp-block-heading has-text-align-center has-medium-font-size\" style=\"padding-top:1px\">In der Woche<\/h4>\n\n\n\n<h5 class=\"wp-block-heading has-text-align-center has-x-large-font-size\">83&nbsp;\u20ac<\/h5>\n<\/div>\n<\/div>\n\n\n\n<div class=\"wp-block-column is-vertically-aligned-center has-contrast-color has-text-color has-link-color wp-elements-a0d3d07a0dc83439a01956a5fe725b5f has-global-padding is-layout-constrained wp-container-core-column-is-layout-0420df3c wp-block-column-is-layout-constrained\" style=\"border-top-color:var(--wp--preset--color--contrast-3);border-top-width:1px;padding-top:var(--wp--preset--spacing--30);padding-right:var(--wp--preset--spacing--30);padding-bottom:var(--wp--preset--spacing--10);padding-left:var(--wp--preset--spacing--30)\">\n<div class=\"wp-block-group is-vertical is-content-justification-center is-layout-flex wp-container-core-group-is-layout-ce155fab wp-block-group-is-layout-flex\">\n<h4 class=\"wp-block-heading has-text-align-center has-medium-font-size\" style=\"padding-top:1px\">Freitags &amp; Samstags<\/h4>\n\n\n\n<h5 class=\"wp-block-heading has-text-align-center has-x-large-font-size\">94&nbsp;\u20ac<\/h5>\n<\/div>\n<\/div>\n<\/div>\n\n\n\n<div class=\"wp-block-columns is-layout-flex wp-container-core-columns-is-layout-28f84493 wp-block-columns-is-layout-flex\">\n<div class=\"wp-block-column is-layout-flow wp-block-column-is-layout-flow\">\n<p class=\"has-text-align-center has-contrast-color has-text-color has-link-color has-medium-font-size wp-elements-a8ef25d06000f55418e915032655e7c0\">zzgl. <strong>Endreinigung 40,00 \u20ac<\/strong> einmalig pro Buchung<\/p>\n<\/div>\n<\/div>\n\n\n\n<div class=\"wp-block-columns is-layout-flex wp-container-core-columns-is-layout-28f84493 wp-block-columns-is-layout-flex\">\n<div class=\"wp-block-column is-layout-flow wp-block-column-is-layout-flow\" style=\"flex-basis:25%\"><\/div>\n\n\n\n<div class=\"wp-block-column has-global-padding is-layout-constrained wp-block-column-is-layout-constrained\" style=\"flex-basis:50%\">\n<div class=\"wp-block-columns is-not-stacked-on-mobile is-layout-flex wp-container-core-columns-is-layout-28f84493 wp-block-columns-is-layout-flex\" style=\"border-style:none;border-width:0px;border-radius:0px;box-shadow:none\">\n<div class=\"wp-block-column is-layout-flow wp-block-column-is-layout-flow\" style=\"border-top-style:none;border-top-width:0px;padding-top:var(--wp--preset--spacing--30);padding-right:var(--wp--preset--spacing--30);padding-bottom:0;padding-left:var(--wp--preset--spacing--30)\">\n<div class=\"wp-block-group is-vertical is-content-justification-center is-layout-flex wp-container-core-group-is-layout-ce155fab wp-block-group-is-layout-flex\">\n<h4 class=\"wp-block-heading has-text-align-center is-style-asterisk has-small-font-size\" style=\"padding-top:1px\">Ab <br>einer Woche<\/h4>\n\n\n\n<h5 class=\"wp-block-heading has-text-align-center has-medium-font-size\">77\u20ac<\/h5>\n<\/div>\n<\/div>\n\n\n\n<div class=\"wp-block-column is-layout-flow wp-block-column-is-layout-flow\" style=\"border-top-style:none;border-top-width:0px;padding-top:var(--wp--preset--spacing--30);padding-right:var(--wp--preset--spacing--30);padding-bottom:0;padding-left:var(--wp--preset--spacing--30)\">\n<div class=\"wp-block-group is-vertical is-content-justification-center is-layout-flex wp-container-core-group-is-layout-ce155fab wp-block-group-is-layout-flex\">\n<h4 class=\"wp-block-heading has-text-align-center is-style-asterisk has-small-font-size\" style=\"padding-top:1px\">Ab <br>zwei Wochen<\/h4>\n\n\n\n<h5 class=\"wp-block-heading has-medium-font-size\">69\u20ac<\/h5>\n<\/div>\n<\/div>\n<\/div>\n\n\n\n<div class=\"wp-block-columns is-layout-flex wp-container-core-columns-is-layout-28f84493 wp-block-columns-is-layout-flex\" style=\"border-style:none;border-width:0px;border-radius:0px;box-shadow:none\">\n<div class=\"wp-block-column is-vertically-aligned-top is-layout-flow wp-block-column-is-layout-flow\" style=\"border-top-style:none;border-top-width:0px;padding-top:0;padding-right:var(--wp--preset--spacing--30);padding-bottom:var(--wp--preset--spacing--20);padding-left:var(--wp--preset--spacing--30)\">\n<p class=\"has-text-align-center has-contrast-color has-text-color has-link-color has-medium-font-size wp-elements-b693a4ee3c62cae9876853dca79d5786\">zzgl. 11\u20ac Freitag, Samstag<\/p>\n<\/div>\n<\/div>\n<\/div>\n\n\n\n<div class=\"wp-block-column is-layout-flow wp-block-column-is-layout-flow\" style=\"flex-basis:25%\"><\/div>\n<\/div>\n\n\n\n<div class=\"wp-block-group alignfull has-base-background-color has-text-color has-background is-layout-flow wp-block-group-is-layout-flow\" style=\"color:#000000\">\n<div style=\"height:30px\" aria-hidden=\"true\" class=\"wp-block-spacer\"><\/div>\n\n\n\n<div class=\"wp-block-buttons is-horizontal is-content-justification-center is-layout-flex wp-container-core-buttons-is-layout-03627597 wp-block-buttons-is-layout-flex\">\n<div class=\"wp-block-button has-custom-width wp-block-button__width-50 is-style-fill\"><a class=\"wp-block-button__link has-text-color has-background has-medium-font-size has-custom-font-size wp-element-button\" href=\"https:\/\/hoetgerhof.de\/index.php\/buchung\/\" style=\"border-radius:50px;color:#ffffff;background-color:#000000;padding-right:0;padding-left:0;box-shadow:var(--wp--preset--shadow--deep)\">Verf\u00fcgbarkeit im Buchungskalender pr\u00fcfen<\/a><\/div>\n<\/div>\n\n\n\n<div style=\"height:30px\" aria-hidden=\"true\" class=\"wp-block-spacer\"><\/div>\n\n\n\n<hr class=\"wp-block-separator has-alpha-channel-opacity is-style-wide\"\/>\n\n\n\n<div style=\"height:30px\" aria-hidden=\"true\" class=\"wp-block-spacer\"><\/div>\n<\/div>\n\n\n\n<div class=\"wp-block-group alignwide has-global-padding is-layout-constrained wp-container-core-group-is-layout-19e250f3 wp-block-group-is-layout-constrained\">\n<div class=\"wp-block-group alignwide is-vertical is-layout-flex wp-container-core-group-is-layout-fe9cc265 wp-block-group-is-layout-flex\">\n<hr class=\"wp-block-separator has-alpha-channel-opacity is-style-wide\"\/>\n\n\n\n<h1 class=\"wp-block-heading alignwide has-contrast-color has-text-color has-link-color wp-elements-124abefb21ec0ef719c78205ae75d49b\"><strong>Das K\u00fcnstlerdorf Worpswede als Reiseziel<\/strong><\/h1>\n\n\n\n<p class=\"has-contrast-color has-text-color has-link-color wp-elements-61baf5d1caca12a0da3166600a21ecc0\" style=\"font-size:clamp(0.875rem, 0.875rem + ((1vw - 0.2rem) * 0.375), 1.1rem);line-height:1.6\">Erleben Sie die archaische Landschaft Worpswedes mit dem weiten Himmel und dem diffusen Licht, die bereits die Gr\u00fcnder:innen der K\u00fcnstlerkolonie in das karge Land nahe Bremen zog. Der Hoetgerhof liegt am S\u00fcdhangs des Weyerbergs \u2013 ein erholsamer Urlaubsort!<\/p>\n\n\n\n<div style=\"margin-top:0;margin-bottom:0;height:62px\" aria-hidden=\"true\" class=\"wp-block-spacer wp-container-content-1f803e42\"><\/div>\n<\/div>\n\n\n\n<div class=\"wp-block-columns alignwide is-layout-flex wp-container-core-columns-is-layout-d1c656ed wp-block-columns-is-layout-flex\">\n<div class=\"wp-block-column is-vertically-aligned-center is-layout-flow wp-block-column-is-layout-flow\" style=\"flex-basis:40%\">\n<h3 class=\"wp-block-heading is-style-asterisk\"><strong>Lage des Hoetgerhofs in Worpswede<\/strong><\/h3>\n\n\n\n<p class=\"has-contrast-color has-text-color has-link-color wp-elements-a616551f8f565cf008ff3ae7f64699a9\" style=\"font-size:clamp(0.875rem, 0.875rem + ((1vw - 0.2rem) * 0.375), 1.1rem);line-height:1.6\">Der Hoetgerhof befindet sich in sehr ruhiger Lage direkt im Wald, am S\u00fcdhang des Weyerbergs. Restaurants, Galerien und Museen sind fu\u00dfl\u00e4ufig durch einen Spaziergang \u00fcber den Berg erreichbar.&nbsp;Fu\u00dfl\u00e4ufig erreicht man au\u00dferdem den Niedersachsenstein von Bernhard Hoetger und die K\u00e4seglocke sowie die Waldb\u00e4nke auf dem Weyerberg mit Blick auf das Teufelsmoor und den Bremer Hafen. <\/p>\n<\/div>\n\n\n\n<div class=\"wp-block-column is-layout-flow wp-block-column-is-layout-flow\" style=\"flex-basis:50%\">\n<figure class=\"wp-block-gallery has-nested-images columns-default is-cropped wp-block-gallery-4 is-layout-flex wp-block-gallery-is-layout-flex\">\n<figure class=\"wp-block-image size-large is-style-default\"><img loading=\"lazy\" decoding=\"async\" width=\"1024\" height=\"768\" data-id=\"476\" src=\"https:\/\/hoetgerhof.de\/wp-content\/uploads\/2024\/02\/Weites-Land_an-der-Hamme-bei-Worpswede_\u00a9_Tourist-Information-Worpswede_Birgit-Nachtwey-1024x768.jpg\" alt=\"\" class=\"wp-image-476\" srcset=\"https:\/\/hoetgerhof.de\/wp-content\/uploads\/2024\/02\/Weites-Land_an-der-Hamme-bei-Worpswede_\u00a9_Tourist-Information-Worpswede_Birgit-Nachtwey-1024x768.jpg 1024w, https:\/\/hoetgerhof.de\/wp-content\/uploads\/2024\/02\/Weites-Land_an-der-Hamme-bei-Worpswede_\u00a9_Tourist-Information-Worpswede_Birgit-Nachtwey-300x225.jpg 300w, https:\/\/hoetgerhof.de\/wp-content\/uploads\/2024\/02\/Weites-Land_an-der-Hamme-bei-Worpswede_\u00a9_Tourist-Information-Worpswede_Birgit-Nachtwey-768x576.jpg 768w, https:\/\/hoetgerhof.de\/wp-content\/uploads\/2024\/02\/Weites-Land_an-der-Hamme-bei-Worpswede_\u00a9_Tourist-Information-Worpswede_Birgit-Nachtwey-1536x1152.jpg 1536w, https:\/\/hoetgerhof.de\/wp-content\/uploads\/2024\/02\/Weites-Land_an-der-Hamme-bei-Worpswede_\u00a9_Tourist-Information-Worpswede_Birgit-Nachtwey-2048x1536.jpg 2048w\" sizes=\"auto, (max-width: 1024px) 100vw, 1024px\" \/><\/figure>\n<\/figure>\n<\/div>\n<\/div>\n\n\n\n<div style=\"height:var(--wp--preset--spacing--40)\" aria-hidden=\"true\" class=\"wp-block-spacer\"><\/div>\n\n\n\n<div class=\"wp-block-columns alignwide is-layout-flex wp-container-core-columns-is-layout-d1c656ed wp-block-columns-is-layout-flex\">\n<div class=\"wp-block-column is-layout-flow wp-block-column-is-layout-flow\" style=\"flex-basis:50%\">\n<figure class=\"wp-block-image size-large is-style-default\"><img loading=\"lazy\" decoding=\"async\" width=\"1024\" height=\"707\" src=\"https:\/\/hoetgerhof.de\/wp-content\/uploads\/2024\/02\/Barkenhoff_Heinrich-Vogeler-Museum_Vordersansicht_\u00a9_Tourist-Information-Worpswede_Birgit-Nachtwey-1024x707.jpg\" alt=\"\" class=\"wp-image-471\" srcset=\"https:\/\/hoetgerhof.de\/wp-content\/uploads\/2024\/02\/Barkenhoff_Heinrich-Vogeler-Museum_Vordersansicht_\u00a9_Tourist-Information-Worpswede_Birgit-Nachtwey-1024x707.jpg 1024w, https:\/\/hoetgerhof.de\/wp-content\/uploads\/2024\/02\/Barkenhoff_Heinrich-Vogeler-Museum_Vordersansicht_\u00a9_Tourist-Information-Worpswede_Birgit-Nachtwey-300x207.jpg 300w, https:\/\/hoetgerhof.de\/wp-content\/uploads\/2024\/02\/Barkenhoff_Heinrich-Vogeler-Museum_Vordersansicht_\u00a9_Tourist-Information-Worpswede_Birgit-Nachtwey-768x530.jpg 768w, https:\/\/hoetgerhof.de\/wp-content\/uploads\/2024\/02\/Barkenhoff_Heinrich-Vogeler-Museum_Vordersansicht_\u00a9_Tourist-Information-Worpswede_Birgit-Nachtwey-1536x1060.jpg 1536w, https:\/\/hoetgerhof.de\/wp-content\/uploads\/2024\/02\/Barkenhoff_Heinrich-Vogeler-Museum_Vordersansicht_\u00a9_Tourist-Information-Worpswede_Birgit-Nachtwey.jpg 2038w\" sizes=\"auto, (max-width: 1024px) 100vw, 1024px\" \/><\/figure>\n<\/div>\n\n\n\n<div class=\"wp-block-column is-vertically-aligned-center is-layout-flow wp-block-column-is-layout-flow\" style=\"flex-basis:40%\">\n<h3 class=\"wp-block-heading is-style-asterisk\"><strong>Von der Ferienwohnung aus sind es&#8230;<\/strong><\/h3>\n\n\n\n<ul style=\"line-height:1.75\" class=\"wp-block-list is-style-checkmark-list\">\n<li>1,5 km bis zur Bergstra\u00dfe (Museen, Caf\u00e9s, Flanierstra\u00dfe, Wochenmarkt)<\/li>\n\n\n\n<li>2 km bis zu verschiedenen Einkaufsm\u00f6glichkeiten<\/li>\n\n\n\n<li>3 km bis zum Hammestrand <\/li>\n<\/ul>\n\n\n\n<p class=\"has-contrast-color has-text-color has-link-color wp-elements-18dc48911766c80294b624d55d81704f\" style=\"font-size:clamp(0.875rem, 0.875rem + ((1vw - 0.2rem) * 0.375), 1.1rem);line-height:1.6\">Der Hoetgerhof befindet sich 20 km n\u00f6rdlich von Bremen und ist \u00fcber eine Wanderradstrecke oder \u00f6ffentliche Verkehrsmittel erreichbar (Buslinie 670 ab Bremen Hbf und Osterholz-Scharmbeck, Haltestelle &#8222;Hinterm Berg&#8220;, ca. 1 km vom Hoetgerhof entfernt).<\/p>\n<\/div>\n<\/div>\n\n\n\n<div style=\"height:80px\" aria-hidden=\"true\" class=\"wp-block-spacer\"><\/div>\n\n\n\n<p class=\"has-text-align-center has-contrast-color has-text-color has-link-color wp-elements-fbbbfa3c98c4a429a1ad6566e0641532\" style=\"font-size:clamp(0.875rem, 0.875rem + ((1vw - 0.2rem) * 0.375), 1.1rem);line-height:1.6\">Alle weiteren Informationen zu Worpswede finden Sie auf <\/p>\n\n\n\n<p class=\"has-text-align-center has-contrast-color has-text-color has-link-color wp-elements-b0fe363f4881ab0aaaf45f0e78250719\" style=\"font-size:clamp(0.875rem, 0.875rem + ((1vw - 0.2rem) * 0.375), 1.1rem);line-height:1.6\"><a href=\"https:\/\/www.worpswede-touristik.de\/\">www.worpswede-touristik.de<\/a><\/p>\n<\/div>\n<\/div>\n<\/div>\n","protected":false},"excerpt":{"rendered":"<p>Ferienwohnung in Worpswede: Im Kunstwerk \u00fcbernachten Wohnen im&nbsp;lebendigen Kunstwerk&nbsp;von Bernhard Hoetger:Unsere Ferienwohnung in Worpswede verspricht einen kunstnahen Urlaub in die Natur. Ausstattung: Historie trifft Gem\u00fctlichkeit Die 50 qm gro\u00dfe Ferienwohnung in Worpswede f\u00fcr\u00a01-3 Personen (oder 2 Erwachsene und 2 Kinder)\u00a0verf\u00fcgt \u00fcber einen Wohn- und Essbereich mit Ausziehsofa, ein Schlafzimmer mit Doppelbett sowie ein Badezimmer. Aus [&hellip;]<\/p>\n","protected":false},"author":1,"featured_media":0,"parent":0,"menu_order":0,"comment_status":"closed","ping_status":"closed","template":"","meta":{"_eb_attr":"","footnotes":""},"class_list":["post-112","page","type-page","status-publish","hentry"],"yoast_head":"<!-- This site is optimized with the Yoast SEO plugin v27.1.1 - https:\/\/yoast.com\/product\/yoast-seo-wordpress\/ -->\n<title>Urlaub im Hoetgerhof - Hoetgerhof<\/title>\n<meta name=\"description\" content=\"Verbringen Sie Ihren Urlaub im Hoetgerhof, einem K\u00fcnstlerhaus von Bernhard Hoetger in Worpswede. Buchen Sie Ihre Ferienwohnung f\u00fcr ein unvergessliches Erlebnis.\" \/>\n<meta name=\"robots\" content=\"index, follow, max-snippet:-1, max-image-preview:large, max-video-preview:-1\" \/>\n<link rel=\"canonical\" href=\"https:\/\/hoetgerhof.de\/index.php\/urlaub-im-hoetgerhof\/\" \/>\n<meta property=\"og:locale\" content=\"de_DE\" \/>\n<meta property=\"og:type\" content=\"article\" \/>\n<meta property=\"og:title\" content=\"Urlaub im Hoetgerhof - Hoetgerhof\" \/>\n<meta property=\"og:description\" content=\"Verbringen Sie Ihren Urlaub im Hoetgerhof, einem K\u00fcnstlerhaus von Bernhard Hoetger in Worpswede. Buchen Sie Ihre Ferienwohnung f\u00fcr ein unvergessliches Erlebnis.\" \/>\n<meta property=\"og:url\" content=\"https:\/\/hoetgerhof.de\/index.php\/urlaub-im-hoetgerhof\/\" \/>\n<meta property=\"og:site_name\" content=\"Hoetgerhof\" \/>\n<meta property=\"article:modified_time\" content=\"2025-10-30T20:14:31+00:00\" \/>\n<meta property=\"og:image\" content=\"https:\/\/hoetgerhof.de\/wp-content\/uploads\/2025\/03\/JM_05003-Kopie.jpeg\" \/>\n\t<meta property=\"og:image:width\" content=\"2552\" \/>\n\t<meta property=\"og:image:height\" content=\"1701\" \/>\n\t<meta property=\"og:image:type\" content=\"image\/jpeg\" \/>\n<meta name=\"twitter:card\" content=\"summary_large_image\" \/>\n<meta name=\"twitter:label1\" content=\"Gesch\u00e4tzte Lesezeit\" \/>\n\t<meta name=\"twitter:data1\" content=\"6\u00a0Minuten\" \/>\n<script type=\"application\/ld+json\" class=\"yoast-schema-graph\">{\"@context\":\"https:\/\/schema.org\",\"@graph\":[{\"@type\":\"WebPage\",\"@id\":\"https:\/\/hoetgerhof.de\/index.php\/urlaub-im-hoetgerhof\/\",\"url\":\"https:\/\/hoetgerhof.de\/index.php\/urlaub-im-hoetgerhof\/\",\"name\":\"Urlaub im Hoetgerhof - Hoetgerhof\",\"isPartOf\":{\"@id\":\"https:\/\/hoetgerhof.de\/#website\"},\"primaryImageOfPage\":{\"@id\":\"https:\/\/hoetgerhof.de\/index.php\/urlaub-im-hoetgerhof\/#primaryimage\"},\"image\":{\"@id\":\"https:\/\/hoetgerhof.de\/index.php\/urlaub-im-hoetgerhof\/#primaryimage\"},\"thumbnailUrl\":\"https:\/\/hoetgerhof.de\/wp-content\/uploads\/2025\/03\/JM_05003-Kopie.jpeg\",\"datePublished\":\"2023-11-13T11:22:42+00:00\",\"dateModified\":\"2025-10-30T20:14:31+00:00\",\"description\":\"Verbringen Sie Ihren Urlaub im Hoetgerhof, einem K\u00fcnstlerhaus von Bernhard Hoetger in Worpswede. Buchen Sie Ihre Ferienwohnung f\u00fcr ein unvergessliches Erlebnis.\",\"breadcrumb\":{\"@id\":\"https:\/\/hoetgerhof.de\/index.php\/urlaub-im-hoetgerhof\/#breadcrumb\"},\"inLanguage\":\"de\",\"potentialAction\":[{\"@type\":\"ReadAction\",\"target\":[\"https:\/\/hoetgerhof.de\/index.php\/urlaub-im-hoetgerhof\/\"]}]},{\"@type\":\"ImageObject\",\"inLanguage\":\"de\",\"@id\":\"https:\/\/hoetgerhof.de\/index.php\/urlaub-im-hoetgerhof\/#primaryimage\",\"url\":\"https:\/\/hoetgerhof.de\/wp-content\/uploads\/2025\/03\/JM_05003-Kopie.jpeg\",\"contentUrl\":\"https:\/\/hoetgerhof.de\/wp-content\/uploads\/2025\/03\/JM_05003-Kopie.jpeg\",\"width\":2552,\"height\":1701,\"caption\":\"Hoetgerhof, Niedersachsen, Worpswede. \\\"Kreatives Haus\\\" Seminare, Workshops, etc. Erbaut von Bernhard Hoetger f\u00fcr private Zwecke. (1921 - 1923)\"},{\"@type\":\"BreadcrumbList\",\"@id\":\"https:\/\/hoetgerhof.de\/index.php\/urlaub-im-hoetgerhof\/#breadcrumb\",\"itemListElement\":[{\"@type\":\"ListItem\",\"position\":1,\"name\":\"Startseite\",\"item\":\"https:\/\/hoetgerhof.de\/\"},{\"@type\":\"ListItem\",\"position\":2,\"name\":\"Urlaub im Hoetgerhof\"}]},{\"@type\":\"WebSite\",\"@id\":\"https:\/\/hoetgerhof.de\/#website\",\"url\":\"https:\/\/hoetgerhof.de\/\",\"name\":\"Hoetgerhof\",\"description\":\"Urlaub im begehbaren Kunstwerk\",\"publisher\":{\"@id\":\"https:\/\/hoetgerhof.de\/#organization\"},\"alternateName\":\"Hoetger-Hof\",\"potentialAction\":[{\"@type\":\"SearchAction\",\"target\":{\"@type\":\"EntryPoint\",\"urlTemplate\":\"https:\/\/hoetgerhof.de\/?s={search_term_string}\"},\"query-input\":{\"@type\":\"PropertyValueSpecification\",\"valueRequired\":true,\"valueName\":\"search_term_string\"}}],\"inLanguage\":\"de\"},{\"@type\":\"Organization\",\"@id\":\"https:\/\/hoetgerhof.de\/#organization\",\"name\":\"Hoetgerhof\",\"url\":\"https:\/\/hoetgerhof.de\/\",\"logo\":{\"@type\":\"ImageObject\",\"inLanguage\":\"de\",\"@id\":\"https:\/\/hoetgerhof.de\/#\/schema\/logo\/image\/\",\"url\":\"https:\/\/hoetgerhof.de\/wp-content\/uploads\/2023\/11\/logo-e1700490971619.png\",\"contentUrl\":\"https:\/\/hoetgerhof.de\/wp-content\/uploads\/2023\/11\/logo-e1700490971619.png\",\"width\":1345,\"height\":670,\"caption\":\"Hoetgerhof\"},\"image\":{\"@id\":\"https:\/\/hoetgerhof.de\/#\/schema\/logo\/image\/\"}}]}<\/script>\n<!-- \/ Yoast SEO plugin. -->","yoast_head_json":{"title":"Urlaub im Hoetgerhof - Hoetgerhof","description":"Verbringen Sie Ihren Urlaub im Hoetgerhof, einem K\u00fcnstlerhaus von Bernhard Hoetger in Worpswede. Buchen Sie Ihre Ferienwohnung f\u00fcr ein unvergessliches Erlebnis.","robots":{"index":"index","follow":"follow","max-snippet":"max-snippet:-1","max-image-preview":"max-image-preview:large","max-video-preview":"max-video-preview:-1"},"canonical":"https:\/\/hoetgerhof.de\/index.php\/urlaub-im-hoetgerhof\/","og_locale":"de_DE","og_type":"article","og_title":"Urlaub im Hoetgerhof - Hoetgerhof","og_description":"Verbringen Sie Ihren Urlaub im Hoetgerhof, einem K\u00fcnstlerhaus von Bernhard Hoetger in Worpswede. Buchen Sie Ihre Ferienwohnung f\u00fcr ein unvergessliches Erlebnis.","og_url":"https:\/\/hoetgerhof.de\/index.php\/urlaub-im-hoetgerhof\/","og_site_name":"Hoetgerhof","article_modified_time":"2025-10-30T20:14:31+00:00","og_image":[{"width":2552,"height":1701,"url":"https:\/\/hoetgerhof.de\/wp-content\/uploads\/2025\/03\/JM_05003-Kopie.jpeg","type":"image\/jpeg"}],"twitter_card":"summary_large_image","twitter_misc":{"Gesch\u00e4tzte Lesezeit":"6\u00a0Minuten"},"schema":{"@context":"https:\/\/schema.org","@graph":[{"@type":"WebPage","@id":"https:\/\/hoetgerhof.de\/index.php\/urlaub-im-hoetgerhof\/","url":"https:\/\/hoetgerhof.de\/index.php\/urlaub-im-hoetgerhof\/","name":"Urlaub im Hoetgerhof - Hoetgerhof","isPartOf":{"@id":"https:\/\/hoetgerhof.de\/#website"},"primaryImageOfPage":{"@id":"https:\/\/hoetgerhof.de\/index.php\/urlaub-im-hoetgerhof\/#primaryimage"},"image":{"@id":"https:\/\/hoetgerhof.de\/index.php\/urlaub-im-hoetgerhof\/#primaryimage"},"thumbnailUrl":"https:\/\/hoetgerhof.de\/wp-content\/uploads\/2025\/03\/JM_05003-Kopie.jpeg","datePublished":"2023-11-13T11:22:42+00:00","dateModified":"2025-10-30T20:14:31+00:00","description":"Verbringen Sie Ihren Urlaub im Hoetgerhof, einem K\u00fcnstlerhaus von Bernhard Hoetger in Worpswede. Buchen Sie Ihre Ferienwohnung f\u00fcr ein unvergessliches Erlebnis.","breadcrumb":{"@id":"https:\/\/hoetgerhof.de\/index.php\/urlaub-im-hoetgerhof\/#breadcrumb"},"inLanguage":"de","potentialAction":[{"@type":"ReadAction","target":["https:\/\/hoetgerhof.de\/index.php\/urlaub-im-hoetgerhof\/"]}]},{"@type":"ImageObject","inLanguage":"de","@id":"https:\/\/hoetgerhof.de\/index.php\/urlaub-im-hoetgerhof\/#primaryimage","url":"https:\/\/hoetgerhof.de\/wp-content\/uploads\/2025\/03\/JM_05003-Kopie.jpeg","contentUrl":"https:\/\/hoetgerhof.de\/wp-content\/uploads\/2025\/03\/JM_05003-Kopie.jpeg","width":2552,"height":1701,"caption":"Hoetgerhof, Niedersachsen, Worpswede. \"Kreatives Haus\" Seminare, Workshops, etc. Erbaut von Bernhard Hoetger f\u00fcr private Zwecke. (1921 - 1923)"},{"@type":"BreadcrumbList","@id":"https:\/\/hoetgerhof.de\/index.php\/urlaub-im-hoetgerhof\/#breadcrumb","itemListElement":[{"@type":"ListItem","position":1,"name":"Startseite","item":"https:\/\/hoetgerhof.de\/"},{"@type":"ListItem","position":2,"name":"Urlaub im Hoetgerhof"}]},{"@type":"WebSite","@id":"https:\/\/hoetgerhof.de\/#website","url":"https:\/\/hoetgerhof.de\/","name":"Hoetgerhof","description":"Urlaub im begehbaren Kunstwerk","publisher":{"@id":"https:\/\/hoetgerhof.de\/#organization"},"alternateName":"Hoetger-Hof","potentialAction":[{"@type":"SearchAction","target":{"@type":"EntryPoint","urlTemplate":"https:\/\/hoetgerhof.de\/?s={search_term_string}"},"query-input":{"@type":"PropertyValueSpecification","valueRequired":true,"valueName":"search_term_string"}}],"inLanguage":"de"},{"@type":"Organization","@id":"https:\/\/hoetgerhof.de\/#organization","name":"Hoetgerhof","url":"https:\/\/hoetgerhof.de\/","logo":{"@type":"ImageObject","inLanguage":"de","@id":"https:\/\/hoetgerhof.de\/#\/schema\/logo\/image\/","url":"https:\/\/hoetgerhof.de\/wp-content\/uploads\/2023\/11\/logo-e1700490971619.png","contentUrl":"https:\/\/hoetgerhof.de\/wp-content\/uploads\/2023\/11\/logo-e1700490971619.png","width":1345,"height":670,"caption":"Hoetgerhof"},"image":{"@id":"https:\/\/hoetgerhof.de\/#\/schema\/logo\/image\/"}}]}},"_links":{"self":[{"href":"https:\/\/hoetgerhof.de\/index.php\/wp-json\/wp\/v2\/pages\/112","targetHints":{"allow":["GET"]}}],"collection":[{"href":"https:\/\/hoetgerhof.de\/index.php\/wp-json\/wp\/v2\/pages"}],"about":[{"href":"https:\/\/hoetgerhof.de\/index.php\/wp-json\/wp\/v2\/types\/page"}],"author":[{"embeddable":true,"href":"https:\/\/hoetgerhof.de\/index.php\/wp-json\/wp\/v2\/users\/1"}],"replies":[{"embeddable":true,"href":"https:\/\/hoetgerhof.de\/index.php\/wp-json\/wp\/v2\/comments?post=112"}],"version-history":[{"count":112,"href":"https:\/\/hoetgerhof.de\/index.php\/wp-json\/wp\/v2\/pages\/112\/revisions"}],"predecessor-version":[{"id":770,"href":"https:\/\/hoetgerhof.de\/index.php\/wp-json\/wp\/v2\/pages\/112\/revisions\/770"}],"wp:attachment":[{"href":"https:\/\/hoetgerhof.de\/index.php\/wp-json\/wp\/v2\/media?parent=112"}],"curies":[{"name":"wp","href":"https:\/\/api.w.org\/{rel}","templated":true}]}}